{"id":10613,"date":"2026-04-29T13:00:31","date_gmt":"2026-04-29T11:00:31","guid":{"rendered":"https:\/\/www.avr.nl\/?p=10613"},"modified":"2026-04-29T15:20:19","modified_gmt":"2026-04-29T13:20:19","slug":"jaarbericht-2025-vooruitgang-in-beweging","status":"publish","type":"page","link":"https:\/\/www.avr.nl\/nl\/jaarbericht-2025-vooruitgang-in-beweging\/","title":{"rendered":"AVR Jaarbericht 2025: Vooruitgang in beweging"},"content":{"rendered":"<div class=\"et_pb_section_0 et_pb_section et_section_regular et_block_section db-overlapping-intro\">\n<div class=\"et_pb_row_0 et_pb_row et_block_row\">\n<div class=\"et_pb_column_0 et_pb_column et_pb_column_2_3 et_block_column et_pb_css_mix_blend_mode_passthrough\">\n<div class=\"et_pb_text_0 et_pb_text et_pb_bg_layout_light et_pb_module et_block_module db-block-orange-gradient\"><div class=\"et_pb_text_inner\"><h2>AVR Jaarbericht 2025: Vooruitgang in beweging<\/h2>\n<p>2025 stond voor AVR in het teken van investeren. In onze installaties, in innovaties en in onze mensen. Na een intensieve periode van herstel zijn alle ovens weer in bedrijf en werken we verder aan een stabiele en effici\u00ebnte operatie. Tegelijkertijd zetten we stappen richting de toekomst, met onder andere nieuwe turbines, verdere ontwikkelingen in nascheiding en de voorbereiding van onze CO2-afvangprojecten.<\/p>\n<p><a class=\"db-button-go-back\" href=\"#\" onclick=\"history.go(-1);return false;\">Terug<\/a><\/p>\n<\/div><\/div>\n<\/div>\n\n<div class=\"et_pb_column_1 et_pb_column et_pb_column_1_3 et-last-child et_block_column et_pb_column_empty et_pb_css_mix_blend_mode_passthrough\"><\/div>\n<\/div>\n\n<div class=\"et_pb_row_1 et_pb_row et_block_row\"><div class=\"et_pb_column_2 et_pb_column et_pb_column_4_4 et-last-child et_block_column et_pb_css_mix_blend_mode_passthrough\"><div class=\"et_pb_text_1 et_pb_text et_pb_bg_layout_light et_pb_module et_block_module datum-block\"><div class=\"et_pb_text_inner\"><span class=\"db_date_post\">29 april, 2026<\/span>\n\n<\/div><\/div><\/div><\/div>\n\n<div class=\"et_pb_row_2 et_pb_row et_block_row\">\n<div class=\"et_pb_column_3 et_pb_column et_pb_column_2_3 et_block_column et_pb_css_mix_blend_mode_passthrough\">\n<div class=\"et_pb_text_2 et_pb_text et_pb_bg_layout_light et_pb_module et_block_module db-content-vervolg\"><div class=\"et_pb_text_inner\"><h4>Investeren in vandaag, bouwen aan morgen.<\/h4>\n<p class=\"MsoNormal\"><span lang=\"nl\">In dit vernieuwde jaarbericht blikken we terug op het afgelopen jaar. In zes korte interviews vertellen collega\u2019s over thema\u2019s zoals veiligheid, onze dagelijkse operatie, innovatie, klantvertrouwen, onze werkomgeving en goed werkgeverschap. Zo laten we zien waar we staan en hoe we vooruitkijken.<o:p><\/o:p><\/span><\/p>\n<\/div><\/div>\n\n<div class=\"et_pb_image_0 et_pb_image et_pb_module et_block_module\"><a href=\"https:\/\/www.avr.nl\/wp-content\/uploads\/2026\/03\/YvesJeroen-AVR-e1774882384972.jpg\" class=\"et_pb_lightbox_image\"><span class=\"et_pb_image_wrap\"><img loading=\"lazy\" decoding=\"async\" src=\"https:\/\/www.avr.nl\/wp-content\/uploads\/2026\/03\/YvesJeroen-AVR-e1774882384972.jpg\" title=\"YvesJeroen-AVR-e1774882384972\" width=\"900\" height=\"803\" class=\"wp-image-11089\" \/><\/span><\/a><\/div>\n\n<div class=\"et_pb_text_3 et_pb_text et_pb_bg_layout_light et_pb_module et_block_module db-content-vervolg\"><div class=\"et_pb_text_inner\"><p>Wij bedanken iedereen die in 2025 aan AVR verbonden was. Onze medewerkers voor hun dagelijkse inzet en betrokkenheid, en onze klanten en partners voor het vertrouwen en de prettige samenwerking. Samen blijven we bouwen aan een toekomstbestendige en duurzame organisatie.<br \/>Hier kunt u de volledige jaarcijfers downloaden uit 2025 en ontdek hoe we samen bouwen aan een duurzame toekomst en een schonere wereld.<\/p>\n<p><strong>Yves Luca<\/strong> - Chief Executive Officer &amp; <strong>Jeroen Rasenberg - <\/strong>Chief Financial Officer<\/p>\n<\/div><\/div>\n\n<div class=\"et_pb_text_4 et_pb_text et_pb_bg_layout_light et_pb_module et_flex_module\"><div class=\"et_pb_text_inner\"><h3>Download de AVR jaarcijfers van 2025!<br \/>Ontdek hoe we samen bouwen aan een duurzame toekomst en een schonere wereld.<\/h3>\n<\/div><\/div>\n\n<div class=\"et_pb_module et_pb_button_module_wrapper et_pb_button_0_wrapper\"><a class=\"et_pb_button_0 et_pb_button et_pb_bg_layout_light et_pb_module et_block_module\" href=\"#jaarcijfers_form\" data-interaction-trigger=\"ivqz2ul8vp\">Naar de AVR Jaarcijfers van 2025!<\/a><\/div>\n\n<div class=\"et_pb_row_3 et_pb_row et_pb_row_nested et_flex_row\">\n<div class=\"et_pb_column_4 et_pb_column et-last-child et_flex_column et_pb_css_mix_blend_mode_passthrough et_flex_column_24_24 et_flex_column_24_24_tablet et_flex_column_24_24_phone\">\n<div class=\"et_pb_divider_0 et_pb_divider et_pb_space et_pb_divider_position_center et_pb_module\"><div class=\"et_pb_divider_internal\"><\/div><\/div>\n<\/div>\n<\/div>\n\n<div class=\"et_pb_image_1 et_pb_image et_pb_module et_flex_module\"><a href=\"https:\/\/www.youtube.com\/watch?v=jpr3cwhnFP4\" class=\"video-popup\"><span class=\"et_pb_image_wrap\"><img loading=\"lazy\" decoding=\"async\" src=\"https:\/\/www.avr.nl\/wp-content\/uploads\/2026\/04\/thumbs-AVR_01.jpg\" title=\"thumbs-AVR_01\" width=\"1600\" height=\"900\" class=\"wp-image-11204 video-popup\" \/><\/span><\/a><\/div>\n\n<div class=\"et_pb_text_5 et_pb_text et_pb_bg_layout_light et_pb_module et_flex_module\"><div class=\"et_pb_text_inner\"><h3>Bekijk hieronder de zes interviews en ontdek de verhalen achter AVR\u2019s vooruitgang.<\/h3>\n<\/div><\/div>\n\n<div class=\"et_pb_row_4 et_pb_row et_pb_row_nested et_grid_row\">\n<div class=\"et_pb_column_5 et_pb_column et_flex_column et_pb_css_mix_blend_mode_passthrough\">\n<div class=\"et_pb_image_2 et_pb_image et_pb_module et_flex_module\"><a href=\"https:\/\/www.youtube.com\/watch?v=CaGtHC3hc1E\" class=\"video-popup\"><span class=\"et_pb_image_wrap\"><img loading=\"lazy\" decoding=\"async\" src=\"https:\/\/www.avr.nl\/wp-content\/uploads\/2026\/04\/thumbs-AVR_02.jpg\" title=\"thumbs-AVR_02\" width=\"1600\" height=\"900\" class=\"wp-image-11205 video-popup\" \/><\/span><\/a><\/div>\n\n<div class=\"et_pb_text_6 et_pb_text et_pb_bg_layout_light et_pb_module et_flex_module\"><div class=\"et_pb_text_inner\"><h4><strong>1. Klantvertrouwen<\/strong><\/h4>\n<p>Vertrouwen is de basis van onze samenwerking met klanten. Director Marketing &amp; Sales Jasper de Jong, Manager Gemeenten Bram van Opstal, en Account Manager Sales Support Oscar van Vuuren vertellen in deze video over klantvertrouwen.<\/p>\n<\/div><\/div>\n<\/div>\n\n<div class=\"et_pb_column_6 et_pb_column et-last-child et_flex_column et_pb_css_mix_blend_mode_passthrough\">\n<div class=\"et_pb_image_3 et_pb_image et_pb_module et_flex_module\"><a href=\"https:\/\/www.youtube.com\/watch?v=kdbaM2tl-g0\" class=\"video-popup\"><span class=\"et_pb_image_wrap\"><img loading=\"lazy\" decoding=\"async\" src=\"https:\/\/www.avr.nl\/wp-content\/uploads\/2026\/04\/thumbs-AVR_03.jpg\" title=\"thumbs-AVR_03\" width=\"1600\" height=\"900\" class=\"wp-image-11206 video-popup\" \/><\/span><\/a><\/div>\n\n<div class=\"et_pb_text_7 et_pb_text et_pb_bg_layout_light et_pb_module et_flex_module\"><div class=\"et_pb_text_inner\"><h4>2. Dagelijkse operatie<\/h4>\n<p>Als afvalverwerker is continu\u00efteit essentieel. In 2025 hebben we onder andere al onze afvallijnen weer in gebruik genomen \u00e9n ge\u00efnvesteerd in verbeteringen. Director Operations Jos de Haan vertelt erover in deze video.<\/p>\n<\/div><\/div>\n<\/div>\n<\/div>\n\n<div class=\"et_pb_row_5 et_pb_row et_pb_row_nested et_grid_row\">\n<div class=\"et_pb_column_7 et_pb_column et_flex_column et_pb_css_mix_blend_mode_passthrough\">\n<div class=\"et_pb_image_4 et_pb_image et_pb_module et_flex_module\"><a href=\"https:\/\/www.youtube.com\/watch?v=jsZuD-5fd60\" class=\"video-popup\"><span class=\"et_pb_image_wrap\"><img loading=\"lazy\" decoding=\"async\" src=\"https:\/\/www.avr.nl\/wp-content\/uploads\/2026\/04\/thumbs-AVR_04.jpg\" title=\"thumbs-AVR_04\" width=\"1600\" height=\"900\" class=\"wp-image-11207 video-popup\" \/><\/span><\/a><\/div>\n\n<div class=\"et_pb_text_8 et_pb_text et_pb_bg_layout_light et_pb_module et_flex_module\"><div class=\"et_pb_text_inner\"><h4>3. Werkomgeving<\/h4>\n<p>Veiligheid is leidend in alles wat we doen. Ons doel is helder: AVR 100% veilig. Welke maatregelen we in 2025 hebben genomen, hoor en zie je in deze video. Site Managers Remco Rutgers (Duiven) en Kevin Westdijk (Rozenburg) vertellen erover.<\/p>\n<\/div><\/div>\n<\/div>\n\n<div class=\"et_pb_column_8 et_pb_column et-last-child et_flex_column et_pb_css_mix_blend_mode_passthrough\">\n<div class=\"et_pb_image_5 et_pb_image et_pb_module et_flex_module\"><a href=\"https:\/\/www.youtube.com\/watch?v=PqXDY9vIquw\" class=\"video-popup\"><span class=\"et_pb_image_wrap\"><img loading=\"lazy\" decoding=\"async\" src=\"https:\/\/www.avr.nl\/wp-content\/uploads\/2026\/04\/thumbs-AVR_05.jpg\" title=\"thumbs-AVR_05\" width=\"1600\" height=\"900\" class=\"wp-image-11208 video-popup\" \/><\/span><\/a><\/div>\n\n<div class=\"et_pb_text_9 et_pb_text et_pb_bg_layout_light et_pb_module et_flex_module\"><div class=\"et_pb_text_inner\"><h4>4. Zorg voor de omgeving<\/h4>\n<p>Als afvalverwerker staan we letterlijk en figuurlijk middenin de maatschappij. We doen er ook alles aan om \u2018een goede buur\u2019 te zijn. In deze video vertelt Manager SHEQ &amp; Laboratorium Fred de Visser over de maatregelen die we hebben getroffen.<\/p>\n<\/div><\/div>\n<\/div>\n<\/div>\n\n<div class=\"et_pb_row_6 et_pb_row et_pb_row_nested et_grid_row\">\n<div class=\"et_pb_column_9 et_pb_column et_flex_column et_pb_css_mix_blend_mode_passthrough\">\n<div class=\"et_pb_image_6 et_pb_image et_pb_module et_flex_module\"><a href=\"https:\/\/www.youtube.com\/watch?v=nMgLDKMQW_o\" class=\"video-popup\"><span class=\"et_pb_image_wrap\"><img loading=\"lazy\" decoding=\"async\" src=\"https:\/\/www.avr.nl\/wp-content\/uploads\/2026\/04\/thumbs-AVR_06.jpg\" title=\"thumbs-AVR_06\" width=\"1600\" height=\"900\" class=\"wp-image-11209 video-popup\" \/><\/span><\/a><\/div>\n\n<div class=\"et_pb_text_10 et_pb_text et_pb_bg_layout_light et_pb_module et_flex_module\"><div class=\"et_pb_text_inner\"><h4>5. Goed werkgeverschap<\/h4>\n<p>Bij AVR geloven we dat sterke prestaties beginnen bij betrokken medewerkers. Manager Human Resources Cynthia van Tilborg vertelt in deze video onder andere over medewerkerstevredenheid, de maatschappelijke rol van AVR en de kansen die we benutten.<\/p>\n<\/div><\/div>\n<\/div>\n\n<div class=\"et_pb_column_10 et_pb_column et-last-child et_flex_column et_pb_css_mix_blend_mode_passthrough\">\n<div class=\"et_pb_image_7 et_pb_image et_pb_module et_flex_module\"><a href=\"https:\/\/www.youtube.com\/watch?v=0RQDXFEtY04\" class=\"video-popup\"><span class=\"et_pb_image_wrap\"><img loading=\"lazy\" decoding=\"async\" src=\"https:\/\/www.avr.nl\/wp-content\/uploads\/2026\/04\/thumbs-AVR_07.jpg\" title=\"thumbs-AVR_07\" width=\"1600\" height=\"900\" class=\"wp-image-11210 video-popup\" \/><\/span><\/a><\/div>\n\n<div class=\"et_pb_text_11 et_pb_text et_pb_bg_layout_light et_pb_module et_flex_module\"><div class=\"et_pb_text_inner\"><h4>6. Innovaties en ontwikkelingen<\/h4>\n<p>Ook op het gebied van energie spelen nieuwe ontwikkelingen. We bouwen en innoveren om nog slimmer om te gaan met ons eigen proces en meer waarde hieruit te halen. Director Energy &amp; Residues Michiel Timmerije vertelt erover in deze video.<\/p>\n<\/div><\/div>\n<\/div>\n<\/div>\n\n<div class=\"et_pb_divider_1 et_pb_divider et_pb_space et_pb_divider_position_center et_pb_module\"><div class=\"et_pb_divider_internal\"><\/div><\/div>\n\n<div class=\"et_pb_text_12 et_pb_text et_pb_bg_layout_light et_pb_module et_block_module db-content-vervolg\"><div class=\"et_pb_text_inner\"><h4>Heb je vragen?<\/h4>\n<p>Neem contact op met Lars Walder (Persvoorlichter)<br \/>Tel: +31 6 53432765<br \/>E-mail: <a href=\"mailto:lars@bureauwalder.nl\" target=\"_blank\" rel=\"noopener\">lars@bureauwalder.nl<\/a><\/p>\n<\/div><\/div>\n<\/div>\n\n<div class=\"et_pb_column_11 et_pb_column et_pb_column_1_3 et-last-child et_block_column et_pb_css_mix_blend_mode_passthrough\">\n<div class=\"et_pb_text_13 et_pb_text et_pb_bg_layout_light et_pb_module et_block_module db-news-sidebar db-news-sidebar-read-more db-news-sidebar-header\"><div class=\"et_pb_text_inner\"><h2>Meer berichten:<\/h2>\n<\/div><\/div>\n\n<div class=\"et_pb_blog_0 et_pb_blog et_pb_bg_layout_light et_pb_text_align_left et_pb_posts et_pb_module db-news-sidebar\"><div class=\"et_pb_ajax_pagination_container\"><div class=\"et_pb_posts et_block_module\"><article class=\"et_pb_post et_pb_post_id_11154 clearfix et_pb_blog_item_0_0 post-11154 post type-post status-publish format-standard has-post-thumbnail hentry category-algemeen\"><h2 class=\"entry-title\"><a href=\"https:\/\/www.avr.nl\/nl\/avr-jaarbericht-2025\/\">AVR Jaarbericht 2025<\/a><\/h2><p class=\"post-meta\"><\/p><div class=\"post-content\"><div class=\"post-content-inner\"><\/div><\/div><\/article><article class=\"et_pb_post et_pb_post_id_10600 clearfix et_pb_blog_item_0_1 post-10600 post type-post status-publish format-standard has-post-thumbnail hentry category-algemeen\"><h2 class=\"entry-title\"><a href=\"https:\/\/www.avr.nl\/nl\/een-dag-meelopen-met-kevin-westdijk\/\">Een dag meelopen met\u2026 Kevin Westdijk!<\/a><\/h2><p class=\"post-meta\"><\/p><div class=\"post-content\"><div class=\"post-content-inner\"><\/div><\/div><\/article><article class=\"et_pb_post et_pb_post_id_10577 clearfix et_pb_blog_item_0_2 post-10577 post type-post status-publish format-standard has-post-thumbnail hentry category-algemeen\"><h2 class=\"entry-title\"><a href=\"https:\/\/www.avr.nl\/nl\/niet-praten-maar-doen\/\">Niet praten maar doen!<\/a><\/h2><p class=\"post-meta\"><\/p><div class=\"post-content\"><div class=\"post-content-inner\"><\/div><\/div><\/article><article class=\"et_pb_post et_pb_post_id_10569 clearfix et_pb_blog_item_0_3 post-10569 post type-post status-publish format-standard has-post-thumbnail hentry category-algemeen\"><h2 class=\"entry-title\"><a href=\"https:\/\/www.avr.nl\/nl\/van-onderhoud-naar-productie\/\">Van onderhoud naar productie!<\/a><\/h2><p class=\"post-meta\"><\/p><div class=\"post-content\"><div class=\"post-content-inner\"><\/div><\/div><\/article><article class=\"et_pb_post et_pb_post_id_10560 clearfix et_pb_blog_item_0_4 post-10560 post type-post status-publish format-standard has-post-thumbnail hentry category-geen-onderdeel-van-een-categorie\"><h2 class=\"entry-title\"><a href=\"https:\/\/www.avr.nl\/nl\/met-plezier-terug-naar-school\/\">Met plezier terug naar school<\/a><\/h2><p class=\"post-meta\"><\/p><div class=\"post-content\"><div class=\"post-content-inner\"><\/div><\/div><\/article><\/div><\/div><\/div>\n<\/div>\n<\/div>\n<\/div>\n\n<div class=\"et_pb_section_1 et_pb_section et_pb_section--fixed et_section_regular et_grid_section et_animated hide-in-builder popup with-loader\" id=\"jaarcijfers_form\">\n<div class=\"et_pb_row_7 et_pb_row et_flex_row\">\n<div class=\"et_pb_column_12 et_pb_column et-last-child et_flex_column et_pb_css_mix_blend_mode_passthrough et_flex_column_24_24 et_flex_column_24_24_tablet et_flex_column_24_24_phone\">\n<div class=\"et_pb_contact_form_0 et_pb_contact_form_container clearfix et_pb_module et_flex_module\" data-form_unique_num=\"0\" data-form_unique_id=\"5085cd91-c7fb-4865-8b7c-f1090d11c186\" data-redirect_url=\"https:\/\/www.avr.nl\/wp-content\/uploads\/2026\/04\/AVR26076-Document-Jaarcijfers_NL-v2.pdf\" id=\"et_pb_contact_form_5085cd91-c7fb-4865-8b7c-f1090d11c186\"><h4 class=\"et_pb_contact_main_title\">Vul onderstaande gegevens in en daarna  ontvangt u de AVR Jaarcijfers 2025.<\/h4><div class=\"et-pb-contact-message\"><\/div><div class=\"et_pb_contact\"><form class=\"et_pb_contact_form et_flex_module\" method=\"post\" action=\"https:\/\/www.avr.nl\/nl\/wp-json\/wp\/v2\/pages\/10613\">\n<div class=\"et_pb_contact_field_0 et_pb_contact_field et_pb_module et_flex_module et_flex_column_12_24 et_flex_column_12_24_tablet et_flex_column_12_24_phone\" data-id=\"contactperson\" data-type=\"input\"><label class=\"et_pb_contact_form_label\" for=\"et_pb_contact_0_contactperson_0\">Contactpersoon<\/label><input type=\"text\" name=\"et_pb_contact_0_contactperson_0\" id=\"et_pb_contact_0_contactperson_0\" class=\"input\" data-required_mark=\"not_required\" data-field_type=\"input\" data-original_id=\"contactperson\" placeholder=\"Contactpersoon\" title=\"\" value=\"\"><\/div>\n\n<div class=\"et_pb_contact_field_1 et_pb_contact_field et_pb_module et_flex_module et_flex_column_12_24 et_flex_column_12_24_tablet et_flex_column_12_24_phone\" data-id=\"company\" data-type=\"input\"><label class=\"et_pb_contact_form_label\" for=\"et_pb_contact_0_company_1\">Bedrijf<\/label><input type=\"text\" name=\"et_pb_contact_0_company_1\" id=\"et_pb_contact_0_company_1\" class=\"input\" data-required_mark=\"required\" data-field_type=\"input\" data-original_id=\"company\" placeholder=\"Bedrijf\" pattern=\".{2,}\" title=\"Minimum length: 2 characters. \" value=\"\"><\/div>\n\n<div class=\"et_pb_contact_field_2 et_pb_contact_field et_pb_module et_flex_module et_flex_column_12_24 et_flex_column_12_24_tablet et_flex_column_12_24_phone\" data-id=\"email\" data-type=\"email\"><label class=\"et_pb_contact_form_label\" for=\"et_pb_contact_0_email_2\">E-mailadres<\/label><input type=\"text\" name=\"et_pb_contact_0_email_2\" id=\"et_pb_contact_0_email_2\" class=\"input\" data-required_mark=\"required\" data-field_type=\"email\" data-original_id=\"email\" placeholder=\"E-mailadres\" title=\"\" value=\"\"><\/div>\n\n<div class=\"et_pb_contact_field_3 et_pb_contact_field et_pb_module et_flex_module et_flex_column_12_24 et_flex_column_12_24_tablet et_flex_column_12_24_phone\" data-id=\"telephone\" data-type=\"input\"><label class=\"et_pb_contact_form_label\" for=\"et_pb_contact_0_telephone_3\">Telefoon<\/label><input type=\"text\" name=\"et_pb_contact_0_telephone_3\" id=\"et_pb_contact_0_telephone_3\" class=\"input\" data-required_mark=\"not_required\" data-field_type=\"input\" data-original_id=\"telephone\" placeholder=\"Telefoon\" title=\"\" value=\"\"><\/div>\n<input type=\"hidden\" name=\"et_pb_contactform_submit_5085cd91-c7fb-4865-8b7c-f1090d11c186\" value=\"et_contact_proccess\"><div class=\"et_contact_bottom_container\"><div class=\"et_pb_contact_right et_pb_contact_field\"><p class=\"clearfix\"><label><span class=\"et_pb_contact_captcha_question\">7 + 9<\/span> = <input type=\"text\" size=\"2\" class=\"input et_pb_contact_captcha\" data-first_digit=\"7\" data-second_digit=\"9\" data-required_mark=\"required\" name=\"et_pb_contact_captcha_5085cd91-c7fb-4865-8b7c-f1090d11c186\" autocomplete=\"off\"><\/label><\/p><\/div><div class=\"et_pb_button_wrapper\"><button type=\"submit\" name=\"et_builder_submit_button\" class=\"et_pb_button et_pb_contact_submit\">Versturen<\/button><\/div><\/div><input type=\"hidden\" id=\"_wpnonce-et-pb-contact-form-submitted-5085cd91-c7fb-4865-8b7c-f1090d11c186\" name=\"_wpnonce-et-pb-contact-form-submitted-5085cd91-c7fb-4865-8b7c-f1090d11c186\" value=\"9c3b4d15f2\"><input type=\"hidden\" name=\"_wp_http_referer\" value=\"\/nl\/wp-json\/wp\/v2\/pages\/10613\"><\/form><\/div><\/div>\n<\/div>\n<\/div>\n<\/div>","protected":false},"excerpt":{"rendered":"","protected":false},"author":1,"featured_media":11114,"parent":0,"menu_order":0,"comment_status":"closed","ping_status":"closed","template":"","meta":{"footnotes":""},"class_list":["post-10613","page","type-page","status-publish","has-post-thumbnail","hentry"],"yoast_head":"<!-- This site is optimized with the Yoast SEO plugin v27.5 - https:\/\/yoast.com\/product\/yoast-seo-wordpress\/ -->\n<title>AVR Jaarbericht 2025: Vooruitgang in beweging - AVR - Too good to waste<\/title>\n<meta name=\"robots\" content=\"index, follow, max-snippet:-1, max-image-preview:large, max-video-preview:-1\" \/>\n<link rel=\"canonical\" href=\"https:\/\/www.avr.nl\/nl\/jaarbericht-2025-vooruitgang-in-beweging\/\" \/>\n<meta property=\"og:locale\" content=\"nl_NL\" \/>\n<meta property=\"og:type\" content=\"article\" \/>\n<meta property=\"og:title\" content=\"AVR Jaarbericht 2025: Vooruitgang in beweging - AVR - Too good to waste\" \/>\n<meta property=\"og:url\" content=\"https:\/\/www.avr.nl\/nl\/jaarbericht-2025-vooruitgang-in-beweging\/\" \/>\n<meta property=\"og:site_name\" content=\"AVR - Too good to waste\" \/>\n<meta property=\"article:modified_time\" content=\"2026-04-29T13:20:19+00:00\" \/>\n<meta property=\"og:image\" content=\"https:\/\/www.avr.nl\/wp-content\/uploads\/2026\/04\/HEADER-voorzijde-v1-NL-scaled.jpg\" \/>\n\t<meta property=\"og:image:width\" content=\"2560\" \/>\n\t<meta property=\"og:image:height\" content=\"773\" \/>\n\t<meta property=\"og:image:type\" content=\"image\/jpeg\" \/>\n<meta name=\"twitter:card\" content=\"summary_large_image\" \/>\n<meta name=\"twitter:label1\" content=\"Geschatte leestijd\" \/>\n\t<meta name=\"twitter:data1\" content=\"1 minuut\" \/>\n<script type=\"application\/ld+json\" class=\"yoast-schema-graph\">{\"@context\":\"https:\\\/\\\/schema.org\",\"@graph\":[{\"@type\":\"WebPage\",\"@id\":\"https:\\\/\\\/www.avr.nl\\\/nl\\\/jaarbericht-2025-vooruitgang-in-beweging\\\/\",\"url\":\"https:\\\/\\\/www.avr.nl\\\/nl\\\/jaarbericht-2025-vooruitgang-in-beweging\\\/\",\"name\":\"AVR Jaarbericht 2025: Vooruitgang in beweging - AVR - Too good to waste\",\"isPartOf\":{\"@id\":\"https:\\\/\\\/avr.nl\\\/nl\\\/#website\"},\"primaryImageOfPage\":{\"@id\":\"https:\\\/\\\/www.avr.nl\\\/nl\\\/jaarbericht-2025-vooruitgang-in-beweging\\\/#primaryimage\"},\"image\":{\"@id\":\"https:\\\/\\\/www.avr.nl\\\/nl\\\/jaarbericht-2025-vooruitgang-in-beweging\\\/#primaryimage\"},\"thumbnailUrl\":\"https:\\\/\\\/www.avr.nl\\\/wp-content\\\/uploads\\\/2026\\\/04\\\/HEADER-voorzijde-v1-NL-scaled.jpg\",\"datePublished\":\"2026-04-29T11:00:31+00:00\",\"dateModified\":\"2026-04-29T13:20:19+00:00\",\"breadcrumb\":{\"@id\":\"https:\\\/\\\/www.avr.nl\\\/nl\\\/jaarbericht-2025-vooruitgang-in-beweging\\\/#breadcrumb\"},\"inLanguage\":\"nl-NL\",\"potentialAction\":[{\"@type\":\"ReadAction\",\"target\":[\"https:\\\/\\\/www.avr.nl\\\/nl\\\/jaarbericht-2025-vooruitgang-in-beweging\\\/\"]}]},{\"@type\":\"ImageObject\",\"inLanguage\":\"nl-NL\",\"@id\":\"https:\\\/\\\/www.avr.nl\\\/nl\\\/jaarbericht-2025-vooruitgang-in-beweging\\\/#primaryimage\",\"url\":\"https:\\\/\\\/www.avr.nl\\\/wp-content\\\/uploads\\\/2026\\\/04\\\/HEADER-voorzijde-v1-NL-scaled.jpg\",\"contentUrl\":\"https:\\\/\\\/www.avr.nl\\\/wp-content\\\/uploads\\\/2026\\\/04\\\/HEADER-voorzijde-v1-NL-scaled.jpg\",\"width\":2560,\"height\":773},{\"@type\":\"BreadcrumbList\",\"@id\":\"https:\\\/\\\/www.avr.nl\\\/nl\\\/jaarbericht-2025-vooruitgang-in-beweging\\\/#breadcrumb\",\"itemListElement\":[{\"@type\":\"ListItem\",\"position\":1,\"name\":\"Home\",\"item\":\"https:\\\/\\\/www.avr.nl\\\/nl\\\/\"},{\"@type\":\"ListItem\",\"position\":2,\"name\":\"AVR Jaarbericht 2025: Vooruitgang in beweging\"}]},{\"@type\":\"WebSite\",\"@id\":\"https:\\\/\\\/avr.nl\\\/nl\\\/#website\",\"url\":\"https:\\\/\\\/avr.nl\\\/nl\\\/\",\"name\":\"AVR - Too good to waste\",\"description\":\"Too good to waste\",\"publisher\":{\"@id\":\"https:\\\/\\\/avr.nl\\\/nl\\\/#organization\"},\"potentialAction\":[{\"@type\":\"SearchAction\",\"target\":{\"@type\":\"EntryPoint\",\"urlTemplate\":\"https:\\\/\\\/avr.nl\\\/nl\\\/?s={search_term_string}\"},\"query-input\":{\"@type\":\"PropertyValueSpecification\",\"valueRequired\":true,\"valueName\":\"search_term_string\"}}],\"inLanguage\":\"nl-NL\"},{\"@type\":\"Organization\",\"@id\":\"https:\\\/\\\/avr.nl\\\/nl\\\/#organization\",\"name\":\"AVR\",\"url\":\"https:\\\/\\\/avr.nl\\\/nl\\\/\",\"logo\":{\"@type\":\"ImageObject\",\"inLanguage\":\"nl-NL\",\"@id\":\"https:\\\/\\\/avr.nl\\\/nl\\\/#\\\/schema\\\/logo\\\/image\\\/\",\"url\":\"https:\\\/\\\/www.avr.nl\\\/wp-content\\\/uploads\\\/2020\\\/12\\\/cropped-favicon-avr.png\",\"contentUrl\":\"https:\\\/\\\/www.avr.nl\\\/wp-content\\\/uploads\\\/2020\\\/12\\\/cropped-favicon-avr.png\",\"width\":512,\"height\":512,\"caption\":\"AVR\"},\"image\":{\"@id\":\"https:\\\/\\\/avr.nl\\\/nl\\\/#\\\/schema\\\/logo\\\/image\\\/\"}}]}<\/script>\n<!-- \/ Yoast SEO plugin. -->","yoast_head_json":{"title":"AVR Jaarbericht 2025: Vooruitgang in beweging - AVR - Too good to waste","robots":{"index":"index","follow":"follow","max-snippet":"max-snippet:-1","max-image-preview":"max-image-preview:large","max-video-preview":"max-video-preview:-1"},"canonical":"https:\/\/www.avr.nl\/nl\/jaarbericht-2025-vooruitgang-in-beweging\/","og_locale":"nl_NL","og_type":"article","og_title":"AVR Jaarbericht 2025: Vooruitgang in beweging - AVR - Too good to waste","og_url":"https:\/\/www.avr.nl\/nl\/jaarbericht-2025-vooruitgang-in-beweging\/","og_site_name":"AVR - Too good to waste","article_modified_time":"2026-04-29T13:20:19+00:00","og_image":[{"width":2560,"height":773,"url":"https:\/\/www.avr.nl\/wp-content\/uploads\/2026\/04\/HEADER-voorzijde-v1-NL-scaled.jpg","type":"image\/jpeg"}],"twitter_card":"summary_large_image","twitter_misc":{"Geschatte leestijd":"1 minuut"},"schema":{"@context":"https:\/\/schema.org","@graph":[{"@type":"WebPage","@id":"https:\/\/www.avr.nl\/nl\/jaarbericht-2025-vooruitgang-in-beweging\/","url":"https:\/\/www.avr.nl\/nl\/jaarbericht-2025-vooruitgang-in-beweging\/","name":"AVR Jaarbericht 2025: Vooruitgang in beweging - AVR - Too good to waste","isPartOf":{"@id":"https:\/\/avr.nl\/nl\/#website"},"primaryImageOfPage":{"@id":"https:\/\/www.avr.nl\/nl\/jaarbericht-2025-vooruitgang-in-beweging\/#primaryimage"},"image":{"@id":"https:\/\/www.avr.nl\/nl\/jaarbericht-2025-vooruitgang-in-beweging\/#primaryimage"},"thumbnailUrl":"https:\/\/www.avr.nl\/wp-content\/uploads\/2026\/04\/HEADER-voorzijde-v1-NL-scaled.jpg","datePublished":"2026-04-29T11:00:31+00:00","dateModified":"2026-04-29T13:20:19+00:00","breadcrumb":{"@id":"https:\/\/www.avr.nl\/nl\/jaarbericht-2025-vooruitgang-in-beweging\/#breadcrumb"},"inLanguage":"nl-NL","potentialAction":[{"@type":"ReadAction","target":["https:\/\/www.avr.nl\/nl\/jaarbericht-2025-vooruitgang-in-beweging\/"]}]},{"@type":"ImageObject","inLanguage":"nl-NL","@id":"https:\/\/www.avr.nl\/nl\/jaarbericht-2025-vooruitgang-in-beweging\/#primaryimage","url":"https:\/\/www.avr.nl\/wp-content\/uploads\/2026\/04\/HEADER-voorzijde-v1-NL-scaled.jpg","contentUrl":"https:\/\/www.avr.nl\/wp-content\/uploads\/2026\/04\/HEADER-voorzijde-v1-NL-scaled.jpg","width":2560,"height":773},{"@type":"BreadcrumbList","@id":"https:\/\/www.avr.nl\/nl\/jaarbericht-2025-vooruitgang-in-beweging\/#breadcrumb","itemListElement":[{"@type":"ListItem","position":1,"name":"Home","item":"https:\/\/www.avr.nl\/nl\/"},{"@type":"ListItem","position":2,"name":"AVR Jaarbericht 2025: Vooruitgang in beweging"}]},{"@type":"WebSite","@id":"https:\/\/avr.nl\/nl\/#website","url":"https:\/\/avr.nl\/nl\/","name":"AVR - Too good to waste","description":"Too good to waste","publisher":{"@id":"https:\/\/avr.nl\/nl\/#organization"},"potentialAction":[{"@type":"SearchAction","target":{"@type":"EntryPoint","urlTemplate":"https:\/\/avr.nl\/nl\/?s={search_term_string}"},"query-input":{"@type":"PropertyValueSpecification","valueRequired":true,"valueName":"search_term_string"}}],"inLanguage":"nl-NL"},{"@type":"Organization","@id":"https:\/\/avr.nl\/nl\/#organization","name":"AVR","url":"https:\/\/avr.nl\/nl\/","logo":{"@type":"ImageObject","inLanguage":"nl-NL","@id":"https:\/\/avr.nl\/nl\/#\/schema\/logo\/image\/","url":"https:\/\/www.avr.nl\/wp-content\/uploads\/2020\/12\/cropped-favicon-avr.png","contentUrl":"https:\/\/www.avr.nl\/wp-content\/uploads\/2020\/12\/cropped-favicon-avr.png","width":512,"height":512,"caption":"AVR"},"image":{"@id":"https:\/\/avr.nl\/nl\/#\/schema\/logo\/image\/"}}]}},"_links":{"self":[{"href":"https:\/\/www.avr.nl\/nl\/wp-json\/wp\/v2\/pages\/10613","targetHints":{"allow":["GET"]}}],"collection":[{"href":"https:\/\/www.avr.nl\/nl\/wp-json\/wp\/v2\/pages"}],"about":[{"href":"https:\/\/www.avr.nl\/nl\/wp-json\/wp\/v2\/types\/page"}],"author":[{"embeddable":true,"href":"https:\/\/www.avr.nl\/nl\/wp-json\/wp\/v2\/users\/1"}],"replies":[{"embeddable":true,"href":"https:\/\/www.avr.nl\/nl\/wp-json\/wp\/v2\/comments?post=10613"}],"version-history":[{"count":31,"href":"https:\/\/www.avr.nl\/nl\/wp-json\/wp\/v2\/pages\/10613\/revisions"}],"predecessor-version":[{"id":11242,"href":"https:\/\/www.avr.nl\/nl\/wp-json\/wp\/v2\/pages\/10613\/revisions\/11242"}],"wp:featuredmedia":[{"embeddable":true,"href":"https:\/\/www.avr.nl\/nl\/wp-json\/wp\/v2\/media\/11114"}],"wp:attachment":[{"href":"https:\/\/www.avr.nl\/nl\/wp-json\/wp\/v2\/media?parent=10613"}],"curies":[{"name":"wp","href":"https:\/\/api.w.org\/{rel}","templated":true}]}}